{"id":12386,"date":"2025-05-19T10:56:46","date_gmt":"2025-05-19T10:56:46","guid":{"rendered":"https:\/\/www.radiance.al\/guia\/"},"modified":"2026-04-21T21:09:07","modified_gmt":"2026-04-21T21:09:07","slug":"guia","status":"publish","type":"page","link":"https:\/\/www.radiance.al\/es\/guia\/","title":{"rendered":"Gu\u00eda"},"content":{"rendered":"\t\t<div data-elementor-type=\"wp-page\" data-elementor-id=\"12386\" class=\"elementor elementor-12386 elementor-3774\">\n\t\t\t\t<div class=\"elementor-element elementor-element-142aa4b6 e-con-full e-flex e-con e-parent\" data-id=\"142aa4b6\" data-element_type=\"container\" data-e-type=\"container\">\n\t\t<div class=\"elementor-element elementor-element-254f7d5a e-con-full e-flex e-con e-child\" data-id=\"254f7d5a\" data-element_type=\"container\" data-e-type=\"container\">\n\t\t\t\t<div class=\"elementor-element elementor-element-4930935 elementor-widget elementor-widget-spacer\" data-id=\"4930935\" data-element_type=\"widget\" data-e-type=\"widget\" data-widget_type=\"spacer.default\">\n\t\t\t\t<div class=\"elementor-widget-container\">\n\t\t\t\t\t\t\t<div class=\"elementor-spacer\">\n\t\t\t<div class=\"elementor-spacer-inner\"><\/div>\n\t\t<\/div>\n\t\t\t\t\t\t<\/div>\n\t\t\t\t<\/div>\n\t\t\t\t<div class=\"elementor-element elementor-element-6f155c9c elementor-widget elementor-widget-image\" data-id=\"6f155c9c\" data-element_type=\"widget\" data-e-type=\"widget\" data-widget_type=\"image.default\">\n\t\t\t\t<div class=\"elementor-widget-container\">\n\t\t\t\t\t\t\t\t\t\t\t\t<figure class=\"wp-caption\">\n\t\t\t\t\t\t\t\t\t\t<img fetchpriority=\"high\" decoding=\"async\" width=\"1295\" height=\"856\" src=\"https:\/\/www.radiance.al\/wp-content\/uploads\/2025\/06\/tirana-cover.jpg\" class=\"attachment-full size-full wp-image-12400\" alt=\"Panorama di Tirana al tramonto con le montagne sullo sfondo \u2013 destinazione ideale per il turismo dentale in Albania\" srcset=\"https:\/\/www.radiance.al\/wp-content\/uploads\/2025\/06\/tirana-cover.jpg 1295w, https:\/\/www.radiance.al\/wp-content\/uploads\/2025\/06\/tirana-cover-300x198.jpg 300w, https:\/\/www.radiance.al\/wp-content\/uploads\/2025\/06\/tirana-cover-1024x677.jpg 1024w, https:\/\/www.radiance.al\/wp-content\/uploads\/2025\/06\/tirana-cover-768x508.jpg 768w\" sizes=\"(max-width: 1295px) 100vw, 1295px\" \/>\t\t\t\t\t\t\t\t\t\t\t<figcaption class=\"widget-image-caption wp-caption-text\">Tirana, la capitale dell\u2019Albania e sede del nostro ospedale dentale \u2013 una destinazione sempre pi\u00f9 scelta per il turismo dentale di qualit\u00e0.\n<\/figcaption>\n\t\t\t\t\t\t\t\t\t\t<\/figure>\n\t\t\t\t\t\t\t\t\t<\/div>\n\t\t\t\t<\/div>\n\t\t\t\t<\/div>\n\t\t<div class=\"elementor-element elementor-element-442d2b42 e-con-full e-flex e-con e-child\" data-id=\"442d2b42\" data-element_type=\"container\" data-e-type=\"container\" data-settings=\"{&quot;background_background&quot;:&quot;classic&quot;}\">\n\t\t\t\t<div class=\"elementor-element elementor-element-55cd3dee elementor-widget elementor-widget-heading\" data-id=\"55cd3dee\" data-element_type=\"widget\" data-e-type=\"widget\" data-widget_type=\"heading.default\">\n\t\t\t\t<div class=\"elementor-widget-container\">\n\t\t\t\t\t<h3 class=\"elementor-heading-title elementor-size-default\"><b>Atracciones tur\u00edsticas de la ciudad de Tirana<\/b><\/h3>\t\t\t\t<\/div>\n\t\t\t\t<\/div>\n\t\t\t\t<div class=\"elementor-element elementor-element-6c4d9e3 elementor-widget elementor-widget-text-editor\" data-id=\"6c4d9e3\" data-element_type=\"widget\" data-e-type=\"widget\" data-widget_type=\"text-editor.default\">\n\t\t\t\t<div class=\"elementor-widget-container\">\n\t\t\t\t\t\t\t\t\t<p><span style=\"font-weight: 400;\">Te han dicho que <\/span><b>no tienes suficiente hueso para recibir implantes dentales<\/b><span style=\"font-weight: 400;\">? En   <\/span>implantes implantes cigom\u00e1ticos son la soluci\u00f3n m\u00e1s innovadora y segura para quienes padecen reabsorci\u00f3n \u00f3sea grave en el maxilar superior.<\/p><p><span style=\"font-weight: 400;\">Esta t\u00e9cnica avanzada permite <\/span><b>rehabilitar toda una arcada dental sin utilizar injertos \u00f3seos<\/b><span style=\"font-weight: 400;\">ofreciendo un resultado fijo, estable y est\u00e9ticamente excelente.<\/span><\/p>\t\t\t\t\t\t\t\t<\/div>\n\t\t\t\t<\/div>\n\t\t\t\t<div class=\"elementor-element elementor-element-01cf922 elementor-widget elementor-widget-spacer\" data-id=\"01cf922\" data-element_type=\"widget\" data-e-type=\"widget\" data-widget_type=\"spacer.default\">\n\t\t\t\t<div class=\"elementor-widget-container\">\n\t\t\t\t\t\t\t<div class=\"elementor-spacer\">\n\t\t\t<div class=\"elementor-spacer-inner\"><\/div>\n\t\t<\/div>\n\t\t\t\t\t\t<\/div>\n\t\t\t\t<\/div>\n\t\t\t\t<\/div>\n\t\t\t\t<\/div>\n\t\t<div class=\"elementor-element elementor-element-11f89fa e-flex e-con-boxed e-con e-parent\" data-id=\"11f89fa\" data-element_type=\"container\" data-e-type=\"container\">\n\t\t\t\t\t<div class=\"e-con-inner\">\n\t\t<div class=\"elementor-element elementor-element-1ed46cc e-con-full e-flex e-con e-child\" data-id=\"1ed46cc\" data-element_type=\"container\" data-e-type=\"container\">\n\t\t\t\t<div class=\"elementor-element elementor-element-cf734d4 elementor-widget elementor-widget-heading\" data-id=\"cf734d4\" data-element_type=\"widget\" data-e-type=\"widget\" data-widget_type=\"heading.default\">\n\t\t\t\t<div class=\"elementor-widget-container\">\n\t\t\t\t\t<h2 class=\"elementor-heading-title elementor-size-default\">El barrio Blloku y la Villa Hoxha<\/h2>\t\t\t\t<\/div>\n\t\t\t\t<\/div>\n\t\t\t\t<div class=\"elementor-element elementor-element-ee9ab74 elementor-widget elementor-widget-text-editor\" data-id=\"ee9ab74\" data-element_type=\"widget\" data-e-type=\"widget\" data-widget_type=\"text-editor.default\">\n\t\t\t\t<div class=\"elementor-widget-container\">\n\t\t\t\t\t\t\t\t\t<p><span style=\"font-weight: 400;\">Antigua zona reservada a la \u00e9lite comunista, hoy \u00abBlloku\u00bb es el coraz\u00f3n de la vida nocturna y la modernidad de la ciudad. Entre restaurantes chic, bares de moda y boutiques exclusivas, tambi\u00e9n puedes ver la villa de Enver Hoxha desde el exterior: un contraste entre la historia y la nueva vitalidad urbana. <\/span><\/p>\t\t\t\t\t\t\t\t<\/div>\n\t\t\t\t<\/div>\n\t\t\t\t<\/div>\n\t\t<div class=\"elementor-element elementor-element-70e1daf e-con-full e-flex e-con e-child\" data-id=\"70e1daf\" data-element_type=\"container\" data-e-type=\"container\">\n\t\t\t\t<div class=\"elementor-element elementor-element-4b24f40 elementor-widget elementor-widget-image\" data-id=\"4b24f40\" data-element_type=\"widget\" data-e-type=\"widget\" data-widget_type=\"image.default\">\n\t\t\t\t<div class=\"elementor-widget-container\">\n\t\t\t\t\t\t\t\t\t\t\t\t\t\t\t<img decoding=\"async\" width=\"604\" height=\"410\" src=\"https:\/\/www.radiance.al\/wp-content\/uploads\/2025\/05\/Tourist-place-3.png\" class=\"attachment-large size-large wp-image-12001\" alt=\"\" srcset=\"https:\/\/www.radiance.al\/wp-content\/uploads\/2025\/05\/Tourist-place-3.png 604w, https:\/\/www.radiance.al\/wp-content\/uploads\/2025\/05\/Tourist-place-3-300x204.png 300w\" sizes=\"(max-width: 604px) 100vw, 604px\" \/>\t\t\t\t\t\t\t\t\t\t\t\t\t\t\t<\/div>\n\t\t\t\t<\/div>\n\t\t\t\t<\/div>\n\t\t\t\t\t<\/div>\n\t\t\t\t<\/div>\n\t\t<div class=\"elementor-element elementor-element-2e60e3c e-flex e-con-boxed e-con e-parent\" data-id=\"2e60e3c\" data-element_type=\"container\" data-e-type=\"container\">\n\t\t\t\t\t<div class=\"e-con-inner\">\n\t\t<div class=\"elementor-element elementor-element-0c8fb4e e-con-full e-flex e-con e-child\" data-id=\"0c8fb4e\" data-element_type=\"container\" data-e-type=\"container\">\n\t\t\t\t<div class=\"elementor-element elementor-element-220d240 elementor-widget elementor-widget-heading\" data-id=\"220d240\" data-element_type=\"widget\" data-e-type=\"widget\" data-widget_type=\"heading.default\">\n\t\t\t\t<div class=\"elementor-widget-container\">\n\t\t\t\t\t<h2 class=\"elementor-heading-title elementor-size-default\">La Pir\u00e1mide de Tirana<\/h2>\t\t\t\t<\/div>\n\t\t\t\t<\/div>\n\t\t\t\t<div class=\"elementor-element elementor-element-8759835 elementor-widget elementor-widget-text-editor\" data-id=\"8759835\" data-element_type=\"widget\" data-e-type=\"widget\" data-widget_type=\"text-editor.default\">\n\t\t\t\t<div class=\"elementor-widget-container\">\n\t\t\t\t\t\t\t\t\t<p><span style=\"font-weight: 400;\">Anta\u00f1o un museo dedicado al dictador Enver Hoxha, ahora es uno de los s\u00edmbolos del renacimiento de Tirana. Renovada por el estudio MVRDV, la Pir\u00e1mide se ha convertido en un centro de innovaci\u00f3n juvenil con cursos de rob\u00f3tica, programaci\u00f3n, dise\u00f1o y artes digitales. Un icono arquitect\u00f3nico que une pasado y futuro.  <\/span><\/p>\t\t\t\t\t\t\t\t<\/div>\n\t\t\t\t<\/div>\n\t\t\t\t<\/div>\n\t\t<div class=\"elementor-element elementor-element-16c5d56 e-con-full e-flex e-con e-child\" data-id=\"16c5d56\" data-element_type=\"container\" data-e-type=\"container\">\n\t\t\t\t<div class=\"elementor-element elementor-element-7cfaffd elementor-widget elementor-widget-image\" data-id=\"7cfaffd\" data-element_type=\"widget\" data-e-type=\"widget\" data-widget_type=\"image.default\">\n\t\t\t\t<div class=\"elementor-widget-container\">\n\t\t\t\t\t\t\t\t\t\t\t\t\t\t\t<img decoding=\"async\" width=\"604\" height=\"410\" src=\"https:\/\/www.radiance.al\/wp-content\/uploads\/2025\/05\/Tourist-place-2.png\" class=\"attachment-large size-large wp-image-12000\" alt=\"\" srcset=\"https:\/\/www.radiance.al\/wp-content\/uploads\/2025\/05\/Tourist-place-2.png 604w, https:\/\/www.radiance.al\/wp-content\/uploads\/2025\/05\/Tourist-place-2-300x204.png 300w\" sizes=\"(max-width: 604px) 100vw, 604px\" \/>\t\t\t\t\t\t\t\t\t\t\t\t\t\t\t<\/div>\n\t\t\t\t<\/div>\n\t\t\t\t<\/div>\n\t\t\t\t\t<\/div>\n\t\t\t\t<\/div>\n\t\t<div class=\"elementor-element elementor-element-fa122b1 e-flex e-con-boxed e-con e-parent\" data-id=\"fa122b1\" data-element_type=\"container\" data-e-type=\"container\">\n\t\t\t\t\t<div class=\"e-con-inner\">\n\t\t<div class=\"elementor-element elementor-element-cfd27ba e-con-full e-flex e-con e-child\" data-id=\"cfd27ba\" data-element_type=\"container\" data-e-type=\"container\">\n\t\t\t\t<div class=\"elementor-element elementor-element-16a0624 elementor-widget elementor-widget-heading\" data-id=\"16a0624\" data-element_type=\"widget\" data-e-type=\"widget\" data-widget_type=\"heading.default\">\n\t\t\t\t<div class=\"elementor-widget-container\">\n\t\t\t\t\t<h2 class=\"elementor-heading-title elementor-size-default\">Plaza Skanderbeg<\/h2>\t\t\t\t<\/div>\n\t\t\t\t<\/div>\n\t\t\t\t<div class=\"elementor-element elementor-element-26b617f elementor-widget elementor-widget-text-editor\" data-id=\"26b617f\" data-element_type=\"widget\" data-e-type=\"widget\" data-widget_type=\"text-editor.default\">\n\t\t\t\t<div class=\"elementor-widget-container\">\n\t\t\t\t\t\t\t\t\t<p><span style=\"font-weight: 400;\">El verdadero coraz\u00f3n de Tirana. Completamente peatonal, est\u00e1 rodeada de edificios hist\u00f3ricos como el Museo Nacional de Historia, la Mezquita Et&#8217;hem Bey y el Palacio de la Cultura. En el centro se alza la estatua del h\u00e9roe nacional Skanderbeg, s\u00edmbolo de la identidad albanesa.  <\/span><\/p>\t\t\t\t\t\t\t\t<\/div>\n\t\t\t\t<\/div>\n\t\t\t\t<\/div>\n\t\t<div class=\"elementor-element elementor-element-add74b3 e-con-full e-flex e-con e-child\" data-id=\"add74b3\" data-element_type=\"container\" data-e-type=\"container\">\n\t\t\t\t<div class=\"elementor-element elementor-element-7c7fe3e elementor-widget elementor-widget-image\" data-id=\"7c7fe3e\" data-element_type=\"widget\" data-e-type=\"widget\" data-widget_type=\"image.default\">\n\t\t\t\t<div class=\"elementor-widget-container\">\n\t\t\t\t\t\t\t\t\t\t\t\t\t\t\t<img loading=\"lazy\" decoding=\"async\" width=\"604\" height=\"410\" src=\"https:\/\/www.radiance.al\/wp-content\/uploads\/2025\/05\/Tourist-place-5.png\" class=\"attachment-large size-large wp-image-12003\" alt=\"\" srcset=\"https:\/\/www.radiance.al\/wp-content\/uploads\/2025\/05\/Tourist-place-5.png 604w, https:\/\/www.radiance.al\/wp-content\/uploads\/2025\/05\/Tourist-place-5-300x204.png 300w\" sizes=\"(max-width: 604px) 100vw, 604px\" \/>\t\t\t\t\t\t\t\t\t\t\t\t\t\t\t<\/div>\n\t\t\t\t<\/div>\n\t\t\t\t<\/div>\n\t\t\t\t\t<\/div>\n\t\t\t\t<\/div>\n\t\t<div class=\"elementor-element elementor-element-6985f95 e-flex e-con-boxed e-con e-parent\" data-id=\"6985f95\" data-element_type=\"container\" data-e-type=\"container\">\n\t\t\t\t\t<div class=\"e-con-inner\">\n\t\t<div class=\"elementor-element elementor-element-64ae9d0 e-con-full e-flex e-con e-child\" data-id=\"64ae9d0\" data-element_type=\"container\" data-e-type=\"container\">\n\t\t\t\t<div class=\"elementor-element elementor-element-d75371b elementor-widget elementor-widget-heading\" data-id=\"d75371b\" data-element_type=\"widget\" data-e-type=\"widget\" data-widget_type=\"heading.default\">\n\t\t\t\t<div class=\"elementor-widget-container\">\n\t\t\t\t\t<h2 class=\"elementor-heading-title elementor-size-default\">Reja\" - La Nube<\/h2>\t\t\t\t<\/div>\n\t\t\t\t<\/div>\n\t\t\t\t<div class=\"elementor-element elementor-element-529ad9c elementor-widget elementor-widget-text-editor\" data-id=\"529ad9c\" data-element_type=\"widget\" data-e-type=\"widget\" data-widget_type=\"text-editor.default\">\n\t\t\t\t<div class=\"elementor-widget-container\">\n\t\t\t\t\t\t\t\t\t<p><span style=\"font-weight: 400;\">Obra del arquitecto japon\u00e9s Sou Fujimoto, esta et\u00e9rea instalaci\u00f3n de acero inoxidable se alza frente a la Galer\u00eda Nacional de Arte. Un lugar perfecto para relajarse, asistir a actos culturales y respirar el aire creativo de la nueva Tirana. <\/span><\/p>\t\t\t\t\t\t\t\t<\/div>\n\t\t\t\t<\/div>\n\t\t\t\t<\/div>\n\t\t<div class=\"elementor-element elementor-element-7a182ff e-con-full e-flex e-con e-child\" data-id=\"7a182ff\" data-element_type=\"container\" data-e-type=\"container\">\n\t\t\t\t<div class=\"elementor-element elementor-element-545056f elementor-widget elementor-widget-image\" data-id=\"545056f\" data-element_type=\"widget\" data-e-type=\"widget\" data-widget_type=\"image.default\">\n\t\t\t\t<div class=\"elementor-widget-container\">\n\t\t\t\t\t\t\t\t\t\t\t\t\t\t\t<img loading=\"lazy\" decoding=\"async\" width=\"640\" height=\"435\" src=\"https:\/\/www.radiance.al\/wp-content\/uploads\/2025\/06\/reja-la-nuvola-4.jpg\" class=\"attachment-large size-large wp-image-12403\" alt=\"\" srcset=\"https:\/\/www.radiance.al\/wp-content\/uploads\/2025\/06\/reja-la-nuvola-4.jpg 1000w, https:\/\/www.radiance.al\/wp-content\/uploads\/2025\/06\/reja-la-nuvola-4-300x204.jpg 300w, https:\/\/www.radiance.al\/wp-content\/uploads\/2025\/06\/reja-la-nuvola-4-768x521.jpg 768w\" sizes=\"(max-width: 640px) 100vw, 640px\" \/>\t\t\t\t\t\t\t\t\t\t\t\t\t\t\t<\/div>\n\t\t\t\t<\/div>\n\t\t\t\t<\/div>\n\t\t\t\t\t<\/div>\n\t\t\t\t<\/div>\n\t\t<div class=\"elementor-element elementor-element-e331a9e e-flex e-con-boxed e-con e-parent\" data-id=\"e331a9e\" data-element_type=\"container\" data-e-type=\"container\">\n\t\t\t\t\t<div class=\"e-con-inner\">\n\t\t<div class=\"elementor-element elementor-element-13974a2 e-con-full e-flex e-con e-child\" data-id=\"13974a2\" data-element_type=\"container\" data-e-type=\"container\">\n\t\t\t\t<div class=\"elementor-element elementor-element-f7f37c0 elementor-widget elementor-widget-heading\" data-id=\"f7f37c0\" data-element_type=\"widget\" data-e-type=\"widget\" data-widget_type=\"heading.default\">\n\t\t\t\t<div class=\"elementor-widget-container\">\n\t\t\t\t\t<h2 class=\"elementor-heading-title elementor-size-default\">Museo Nacional de Historia<\/h2>\t\t\t\t<\/div>\n\t\t\t\t<\/div>\n\t\t\t\t<div class=\"elementor-element elementor-element-f3aac22 elementor-widget elementor-widget-text-editor\" data-id=\"f3aac22\" data-element_type=\"widget\" data-e-type=\"widget\" data-widget_type=\"text-editor.default\">\n\t\t\t\t<div class=\"elementor-widget-container\">\n\t\t\t\t\t\t\t\t\t<p><span style=\"font-weight: 400;\">El museo m\u00e1s importante del pa\u00eds, reconocible por el gran mosaico de la fachada. Un viaje a trav\u00e9s de milenios de historia albanesa: de los ilirios a los partisanos y hasta la \u00e9poca moderna. Una visita obligada para los amantes de la historia que quieran comprender mejor la cultura local.  <\/span><\/p>\t\t\t\t\t\t\t\t<\/div>\n\t\t\t\t<\/div>\n\t\t\t\t<\/div>\n\t\t<div class=\"elementor-element elementor-element-d786c9a e-con-full e-flex e-con e-child\" data-id=\"d786c9a\" data-element_type=\"container\" data-e-type=\"container\">\n\t\t\t\t<div class=\"elementor-element elementor-element-dc0299f elementor-widget elementor-widget-image\" data-id=\"dc0299f\" data-element_type=\"widget\" data-e-type=\"widget\" data-widget_type=\"image.default\">\n\t\t\t\t<div class=\"elementor-widget-container\">\n\t\t\t\t\t\t\t\t\t\t\t\t\t\t\t<img loading=\"lazy\" decoding=\"async\" width=\"640\" height=\"437\" src=\"https:\/\/www.radiance.al\/wp-content\/uploads\/2025\/06\/museo-nazionale-tirana-1024x699.webp\" class=\"attachment-large size-large wp-image-12401\" alt=\"\" srcset=\"https:\/\/www.radiance.al\/wp-content\/uploads\/2025\/06\/museo-nazionale-tirana-1024x699.webp 1024w, https:\/\/www.radiance.al\/wp-content\/uploads\/2025\/06\/museo-nazionale-tirana-300x205.webp 300w, https:\/\/www.radiance.al\/wp-content\/uploads\/2025\/06\/museo-nazionale-tirana-768x524.webp 768w, https:\/\/www.radiance.al\/wp-content\/uploads\/2025\/06\/museo-nazionale-tirana-1536x1049.webp 1536w, https:\/\/www.radiance.al\/wp-content\/uploads\/2025\/06\/museo-nazionale-tirana.webp 1920w\" sizes=\"(max-width: 640px) 100vw, 640px\" \/>\t\t\t\t\t\t\t\t\t\t\t\t\t\t\t<\/div>\n\t\t\t\t<\/div>\n\t\t\t\t<\/div>\n\t\t\t\t\t<\/div>\n\t\t\t\t<\/div>\n\t\t<div class=\"elementor-element elementor-element-ce2fe36 e-flex e-con-boxed e-con e-parent\" data-id=\"ce2fe36\" data-element_type=\"container\" data-e-type=\"container\">\n\t\t\t\t\t<div class=\"e-con-inner\">\n\t\t<div class=\"elementor-element elementor-element-6e314c4 e-con-full e-flex e-con e-child\" data-id=\"6e314c4\" data-element_type=\"container\" data-e-type=\"container\">\n\t\t\t\t<div class=\"elementor-element elementor-element-bd65d43 elementor-widget elementor-widget-heading\" data-id=\"bd65d43\" data-element_type=\"widget\" data-e-type=\"widget\" data-widget_type=\"heading.default\">\n\t\t\t\t<div class=\"elementor-widget-container\">\n\t\t\t\t\t<h2 class=\"elementor-heading-title elementor-size-default\">Palacio de la Cultura<\/h2>\t\t\t\t<\/div>\n\t\t\t\t<\/div>\n\t\t\t\t<div class=\"elementor-element elementor-element-b12260c elementor-widget elementor-widget-text-editor\" data-id=\"b12260c\" data-element_type=\"widget\" data-e-type=\"widget\" data-widget_type=\"text-editor.default\">\n\t\t\t\t<div class=\"elementor-widget-container\">\n\t\t\t\t\t\t\t\t\t<p><span style=\"font-weight: 400;\">Construido en los a\u00f1os 60, alberga el <\/span><b>Teatro Nacional de \u00d3pera y Ballet<\/b><span style=\"font-weight: 400;\"> y la <\/span><b>Biblioteca Nacional<\/b><span style=\"font-weight: 400;\">. Es un lugar que conserva la memoria cultural de Albania y sigue acogiendo actos y representaciones.<\/span><\/p>\t\t\t\t\t\t\t\t<\/div>\n\t\t\t\t<\/div>\n\t\t\t\t<\/div>\n\t\t<div class=\"elementor-element elementor-element-51d2b8b e-con-full e-flex e-con e-child\" data-id=\"51d2b8b\" data-element_type=\"container\" data-e-type=\"container\">\n\t\t\t\t<div class=\"elementor-element elementor-element-a02d608 elementor-widget elementor-widget-image\" data-id=\"a02d608\" data-element_type=\"widget\" data-e-type=\"widget\" data-widget_type=\"image.default\">\n\t\t\t\t<div class=\"elementor-widget-container\">\n\t\t\t\t\t\t\t\t\t\t\t\t\t\t\t<img loading=\"lazy\" decoding=\"async\" width=\"640\" height=\"427\" src=\"https:\/\/www.radiance.al\/wp-content\/uploads\/2025\/06\/palazzo-della-cultura-tirana.jpg\" class=\"attachment-large size-large wp-image-12404\" alt=\"\" srcset=\"https:\/\/www.radiance.al\/wp-content\/uploads\/2025\/06\/palazzo-della-cultura-tirana.jpg 1000w, https:\/\/www.radiance.al\/wp-content\/uploads\/2025\/06\/palazzo-della-cultura-tirana-300x200.jpg 300w, https:\/\/www.radiance.al\/wp-content\/uploads\/2025\/06\/palazzo-della-cultura-tirana-768x512.jpg 768w\" sizes=\"(max-width: 640px) 100vw, 640px\" \/>\t\t\t\t\t\t\t\t\t\t\t\t\t\t\t<\/div>\n\t\t\t\t<\/div>\n\t\t\t\t<\/div>\n\t\t\t\t\t<\/div>\n\t\t\t\t<\/div>\n\t\t<div class=\"elementor-element elementor-element-174efc4 e-flex e-con-boxed e-con e-parent\" data-id=\"174efc4\" data-element_type=\"container\" data-e-type=\"container\">\n\t\t\t\t\t<div class=\"e-con-inner\">\n\t\t<div class=\"elementor-element elementor-element-1292bde e-con-full e-flex e-con e-child\" data-id=\"1292bde\" data-element_type=\"container\" data-e-type=\"container\">\n\t\t\t\t<div class=\"elementor-element elementor-element-ad245f5 elementor-widget elementor-widget-heading\" data-id=\"ad245f5\" data-element_type=\"widget\" data-e-type=\"widget\" data-widget_type=\"heading.default\">\n\t\t\t\t<div class=\"elementor-widget-container\">\n\t\t\t\t\t<h2 class=\"elementor-heading-title elementor-size-default\">BUNK'ART 2<\/h2>\t\t\t\t<\/div>\n\t\t\t\t<\/div>\n\t\t\t\t<div class=\"elementor-element elementor-element-8eda646 elementor-widget elementor-widget-text-editor\" data-id=\"8eda646\" data-element_type=\"widget\" data-e-type=\"widget\" data-widget_type=\"text-editor.default\">\n\t\t\t\t<div class=\"elementor-widget-container\">\n\t\t\t\t\t\t\t\t\t<p><span style=\"font-weight: 400;\">Un antiguo b\u00fanker subterr\u00e1neo convertido en museo. Cuenta la historia de la polic\u00eda secreta y la dictadura en Albania a trav\u00e9s de 24 salas. Una experiencia intensa y conmovedora que ayuda a comprender las heridas a\u00fan recientes del pa\u00eds.  <\/span><\/p>\t\t\t\t\t\t\t\t<\/div>\n\t\t\t\t<\/div>\n\t\t\t\t<\/div>\n\t\t<div class=\"elementor-element elementor-element-7e7c98b e-con-full e-flex e-con e-child\" data-id=\"7e7c98b\" data-element_type=\"container\" data-e-type=\"container\">\n\t\t\t\t<div class=\"elementor-element elementor-element-2c6cd9b elementor-widget elementor-widget-image\" data-id=\"2c6cd9b\" data-element_type=\"widget\" data-e-type=\"widget\" data-widget_type=\"image.default\">\n\t\t\t\t<div class=\"elementor-widget-container\">\n\t\t\t\t\t\t\t\t\t\t\t\t\t\t\t<img loading=\"lazy\" decoding=\"async\" width=\"640\" height=\"434\" src=\"https:\/\/www.radiance.al\/wp-content\/uploads\/2025\/06\/bunk-art-22-1024x695.jpg\" class=\"attachment-large size-large wp-image-12405\" alt=\"\" srcset=\"https:\/\/www.radiance.al\/wp-content\/uploads\/2025\/06\/bunk-art-22-1024x695.jpg 1024w, https:\/\/www.radiance.al\/wp-content\/uploads\/2025\/06\/bunk-art-22-300x204.jpg 300w, https:\/\/www.radiance.al\/wp-content\/uploads\/2025\/06\/bunk-art-22-768x521.jpg 768w, https:\/\/www.radiance.al\/wp-content\/uploads\/2025\/06\/bunk-art-22.jpg 1061w\" sizes=\"(max-width: 640px) 100vw, 640px\" \/>\t\t\t\t\t\t\t\t\t\t\t\t\t\t\t<\/div>\n\t\t\t\t<\/div>\n\t\t\t\t<\/div>\n\t\t\t\t\t<\/div>\n\t\t\t\t<\/div>\n\t\t<div class=\"elementor-element elementor-element-2f14711 e-flex e-con-boxed e-con e-parent\" data-id=\"2f14711\" data-element_type=\"container\" data-e-type=\"container\">\n\t\t\t\t\t<div class=\"e-con-inner\">\n\t\t<div class=\"elementor-element elementor-element-d9836b5 e-con-full e-flex e-con e-child\" data-id=\"d9836b5\" data-element_type=\"container\" data-e-type=\"container\">\n\t\t\t\t<div class=\"elementor-element elementor-element-998202d elementor-widget elementor-widget-heading\" data-id=\"998202d\" data-element_type=\"widget\" data-e-type=\"widget\" data-widget_type=\"heading.default\">\n\t\t\t\t<div class=\"elementor-widget-container\">\n\t\t\t\t\t<h2 class=\"elementor-heading-title elementor-size-default\">Torre del Reloj (Kulla e Sahatit)<\/h2>\t\t\t\t<\/div>\n\t\t\t\t<\/div>\n\t\t\t\t<div class=\"elementor-element elementor-element-931eb9a elementor-widget elementor-widget-text-editor\" data-id=\"931eb9a\" data-element_type=\"widget\" data-e-type=\"widget\" data-widget_type=\"text-editor.default\">\n\t\t\t\t<div class=\"elementor-widget-container\">\n\t\t\t\t\t\t\t\t\t<p><span style=\"font-weight: 400;\">Construida en el siglo XIX junto a la mezquita Et&#8217;hem Bey, esta torre de 35 metros ofrece una espl\u00e9ndida vista del casco antiguo de Tirana. Un lugar perfecto para una foto panor\u00e1mica y para empaparse del ambiente de la ciudad. <\/span><\/p>\t\t\t\t\t\t\t\t<\/div>\n\t\t\t\t<\/div>\n\t\t\t\t<\/div>\n\t\t<div class=\"elementor-element elementor-element-3c623e6 e-con-full e-flex e-con e-child\" data-id=\"3c623e6\" data-element_type=\"container\" data-e-type=\"container\">\n\t\t\t\t<div class=\"elementor-element elementor-element-1ee8396 elementor-widget elementor-widget-image\" data-id=\"1ee8396\" data-element_type=\"widget\" data-e-type=\"widget\" data-widget_type=\"image.default\">\n\t\t\t\t<div class=\"elementor-widget-container\">\n\t\t\t\t\t\t\t\t\t\t\t\t\t\t\t<img loading=\"lazy\" decoding=\"async\" width=\"640\" height=\"435\" src=\"https:\/\/www.radiance.al\/wp-content\/uploads\/2025\/07\/Ethem-Bey-Mosque.jpg\" class=\"attachment-large size-large wp-image-12406\" alt=\"\" srcset=\"https:\/\/www.radiance.al\/wp-content\/uploads\/2025\/07\/Ethem-Bey-Mosque.jpg 1000w, https:\/\/www.radiance.al\/wp-content\/uploads\/2025\/07\/Ethem-Bey-Mosque-300x204.jpg 300w, https:\/\/www.radiance.al\/wp-content\/uploads\/2025\/07\/Ethem-Bey-Mosque-768x521.jpg 768w\" sizes=\"(max-width: 640px) 100vw, 640px\" \/>\t\t\t\t\t\t\t\t\t\t\t\t\t\t\t<\/div>\n\t\t\t\t<\/div>\n\t\t\t\t<\/div>\n\t\t\t\t\t<\/div>\n\t\t\t\t<\/div>\n\t\t<div class=\"elementor-element elementor-element-1a7d184 e-flex e-con-boxed e-con e-parent\" data-id=\"1a7d184\" data-element_type=\"container\" data-e-type=\"container\">\n\t\t\t\t\t<div class=\"e-con-inner\">\n\t\t<div class=\"elementor-element elementor-element-10f74f3 e-con-full e-flex e-con e-child\" data-id=\"10f74f3\" data-element_type=\"container\" data-e-type=\"container\">\n\t\t\t\t<div class=\"elementor-element elementor-element-676d0ad elementor-widget elementor-widget-heading\" data-id=\"676d0ad\" data-element_type=\"widget\" data-e-type=\"widget\" data-widget_type=\"heading.default\">\n\t\t\t\t<div class=\"elementor-widget-container\">\n\t\t\t\t\t<h2 class=\"elementor-heading-title elementor-size-default\">Estudio Casa Kadare<\/h2>\t\t\t\t<\/div>\n\t\t\t\t<\/div>\n\t\t\t\t<div class=\"elementor-element elementor-element-f23d710 elementor-widget elementor-widget-text-editor\" data-id=\"f23d710\" data-element_type=\"widget\" data-e-type=\"widget\" data-widget_type=\"text-editor.default\">\n\t\t\t\t<div class=\"elementor-widget-container\">\n\t\t\t\t\t\t\t\t\t<p><span style=\"font-weight: 400;\">La casa-museo de <\/span><b>Ismail Kadare<\/b><span style=\"font-weight: 400;\">, el mayor escritor alban\u00e9s contempor\u00e1neo, nominado varias veces al Premio Nobel. Alberga manuscritos originales, primeras ediciones y detalles de su vida bajo el r\u00e9gimen. Un templo literario y arquitect\u00f3nico para los amantes de la cultura.  <\/span><\/p>\t\t\t\t\t\t\t\t<\/div>\n\t\t\t\t<\/div>\n\t\t\t\t<\/div>\n\t\t<div class=\"elementor-element elementor-element-4aef59b e-con-full e-flex e-con e-child\" data-id=\"4aef59b\" data-element_type=\"container\" data-e-type=\"container\">\n\t\t\t\t<div class=\"elementor-element elementor-element-50568bd elementor-widget elementor-widget-image\" data-id=\"50568bd\" data-element_type=\"widget\" data-e-type=\"widget\" data-widget_type=\"image.default\">\n\t\t\t\t<div class=\"elementor-widget-container\">\n\t\t\t\t\t\t\t\t\t\t\t\t\t\t\t<img loading=\"lazy\" decoding=\"async\" width=\"640\" height=\"435\" src=\"https:\/\/www.radiance.al\/wp-content\/uploads\/2025\/07\/muzeu-kadare-2.jpg\" class=\"attachment-large size-large wp-image-12407\" alt=\"\" srcset=\"https:\/\/www.radiance.al\/wp-content\/uploads\/2025\/07\/muzeu-kadare-2.jpg 1000w, https:\/\/www.radiance.al\/wp-content\/uploads\/2025\/07\/muzeu-kadare-2-300x204.jpg 300w, https:\/\/www.radiance.al\/wp-content\/uploads\/2025\/07\/muzeu-kadare-2-768x521.jpg 768w\" sizes=\"(max-width: 640px) 100vw, 640px\" \/>\t\t\t\t\t\t\t\t\t\t\t\t\t\t\t<\/div>\n\t\t\t\t<\/div>\n\t\t\t\t<\/div>\n\t\t\t\t\t<\/div>\n\t\t\t\t<\/div>\n\t\t<div class=\"elementor-element elementor-element-0149e30 e-flex e-con-boxed e-con e-parent\" data-id=\"0149e30\" data-element_type=\"container\" data-e-type=\"container\">\n\t\t\t\t\t<div class=\"e-con-inner\">\n\t\t<div class=\"elementor-element elementor-element-6f94a58 e-con-full e-flex e-con e-child\" data-id=\"6f94a58\" data-element_type=\"container\" data-e-type=\"container\">\n\t\t\t\t<div class=\"elementor-element elementor-element-b14849b elementor-widget elementor-widget-heading\" data-id=\"b14849b\" data-element_type=\"widget\" data-e-type=\"widget\" data-widget_type=\"heading.default\">\n\t\t\t\t<div class=\"elementor-widget-container\">\n\t\t\t\t\t<h2 class=\"elementor-heading-title elementor-size-default\">Museo Nacional de las Escuchas \"La Casa de las Hojas<\/h2>\t\t\t\t<\/div>\n\t\t\t\t<\/div>\n\t\t\t\t<div class=\"elementor-element elementor-element-6f968d6 elementor-widget elementor-widget-text-editor\" data-id=\"6f968d6\" data-element_type=\"widget\" data-e-type=\"widget\" data-widget_type=\"text-editor.default\">\n\t\t\t\t<div class=\"elementor-widget-container\">\n\t\t\t\t\t\t\t\t\t<p><span style=\"font-weight: 400;\">Antiguo cuartel general de la vigilancia secreta albanesa, ahora alberga un museo \u00fanico. Herramientas de espionaje, archivos y testimonios cuentan la oscura historia del control durante el r\u00e9gimen comunista. Un lugar cargado de memoria y reflexi\u00f3n.  <\/span><\/p>\t\t\t\t\t\t\t\t<\/div>\n\t\t\t\t<\/div>\n\t\t\t\t<\/div>\n\t\t<div class=\"elementor-element elementor-element-d39f261 e-con-full e-flex e-con e-child\" data-id=\"d39f261\" data-element_type=\"container\" data-e-type=\"container\">\n\t\t\t\t<div class=\"elementor-element elementor-element-a8d9802 elementor-widget elementor-widget-image\" data-id=\"a8d9802\" data-element_type=\"widget\" data-e-type=\"widget\" data-widget_type=\"image.default\">\n\t\t\t\t<div class=\"elementor-widget-container\">\n\t\t\t\t\t\t\t\t\t\t\t\t\t\t\t<img loading=\"lazy\" decoding=\"async\" width=\"640\" height=\"427\" src=\"https:\/\/www.radiance.al\/wp-content\/uploads\/2025\/07\/shtepia-me-gjethe-2.jpg\" class=\"attachment-large size-large wp-image-12408\" alt=\"\" srcset=\"https:\/\/www.radiance.al\/wp-content\/uploads\/2025\/07\/shtepia-me-gjethe-2.jpg 1024w, https:\/\/www.radiance.al\/wp-content\/uploads\/2025\/07\/shtepia-me-gjethe-2-300x200.jpg 300w, https:\/\/www.radiance.al\/wp-content\/uploads\/2025\/07\/shtepia-me-gjethe-2-768x512.jpg 768w\" sizes=\"(max-width: 640px) 100vw, 640px\" \/>\t\t\t\t\t\t\t\t\t\t\t\t\t\t\t<\/div>\n\t\t\t\t<\/div>\n\t\t\t\t<\/div>\n\t\t\t\t\t<\/div>\n\t\t\t\t<\/div>\n\t\t<div class=\"elementor-element elementor-element-09a68dc e-flex e-con-boxed e-con e-parent\" data-id=\"09a68dc\" data-element_type=\"container\" data-e-type=\"container\">\n\t\t\t\t\t<div class=\"e-con-inner\">\n\t\t\t\t<div class=\"elementor-element elementor-element-4003083 elementor-align-center elementor-widget elementor-widget-button\" data-id=\"4003083\" data-element_type=\"widget\" data-e-type=\"widget\" data-widget_type=\"button.default\">\n\t\t\t\t<div class=\"elementor-widget-container\">\n\t\t\t\t\t\t\t\t\t<div class=\"elementor-button-wrapper\">\n\t\t\t\t\t<a class=\"elementor-button elementor-button-link elementor-size-sm\" href=\"https:\/\/www.radiance.al\/es\/contacta-con-nosotros\/\">\n\t\t\t\t\t\t<span class=\"elementor-button-content-wrapper\">\n\t\t\t\t\t\t\t\t\t<span class=\"elementor-button-text\">Libro vizita<\/span>\n\t\t\t\t\t<\/span>\n\t\t\t\t\t<\/a>\n\t\t\t\t<\/div>\n\t\t\t\t\t\t\t\t<\/div>\n\t\t\t\t<\/div>\n\t\t\t\t<div class=\"elementor-element elementor-element-655707b elementor-widget elementor-widget-spacer\" data-id=\"655707b\" data-element_type=\"widget\" data-e-type=\"widget\" data-widget_type=\"spacer.default\">\n\t\t\t\t<div class=\"elementor-widget-container\">\n\t\t\t\t\t\t\t<div class=\"elementor-spacer\">\n\t\t\t<div class=\"elementor-spacer-inner\"><\/div>\n\t\t<\/div>\n\t\t\t\t\t\t<\/div>\n\t\t\t\t<\/div>\n\t\t\t\t\t<\/div>\n\t\t\t\t<\/div>\n\t\t\t\t<\/div>\n\t\t","protected":false},"excerpt":{"rendered":"<p>Atracciones tur\u00edsticas de la ciudad de Tirana Te han dicho que no tienes suficiente hueso para recibir implantes dentales? En implantes implantes cigom\u00e1ticos son la soluci\u00f3n m\u00e1s innovadora y segura para quienes padecen reabsorci\u00f3n \u00f3sea grave en el maxilar superior. Esta t\u00e9cnica avanzada permite rehabilitar toda una arcada dental sin [&hellip;]<\/p>\n","protected":false},"author":1,"featured_media":12000,"parent":0,"menu_order":0,"comment_status":"closed","ping_status":"closed","template":"elementor_header_footer","meta":{"_acf_changed":false,"footnotes":""},"class_list":["post-12386","page","type-page","status-publish","has-post-thumbnail","hentry"],"acf":[],"yoast_head":"<!-- This site is optimized with the Yoast SEO Premium plugin v27.4 (Yoast SEO v27.4) - https:\/\/yoast.com\/product\/yoast-seo-premium-wordpress\/ -->\n<title>Turismo dental en Tirana - Tratamientos y atracciones imprescindibles<\/title>\n<meta name=\"description\" content=\"Descubre el turismo dental en Tirana: implantes cigom\u00e1ticos sin injertos y una gu\u00eda de las atracciones m\u00e1s bellas de la capital albanesa.\" \/>\n<meta name=\"robots\" content=\"index, follow, max-snippet:-1, max-image-preview:large, max-video-preview:-1\" \/>\n<link rel=\"canonical\" href=\"https:\/\/www.radiance.al\/es\/guia\/\" \/>\n<meta property=\"og:locale\" content=\"es_ES\" \/>\n<meta property=\"og:type\" content=\"article\" \/>\n<meta property=\"og:title\" content=\"Gu\u00eda\" \/>\n<meta property=\"og:description\" content=\"Descubre el turismo dental en Tirana: implantes cigom\u00e1ticos sin injertos y una gu\u00eda de las atracciones m\u00e1s bellas de la capital albanesa.\" \/>\n<meta property=\"og:url\" content=\"https:\/\/www.radiance.al\/es\/guia\/\" \/>\n<meta property=\"og:site_name\" content=\"RADIANCE.AL\" \/>\n<meta property=\"article:publisher\" content=\"https:\/\/www.instagram.com\/radiance_al\/?hl=en\" \/>\n<meta property=\"article:modified_time\" content=\"2026-04-21T21:09:07+00:00\" \/>\n<meta property=\"og:image\" content=\"https:\/\/www.radiance.al\/wp-content\/uploads\/2025\/05\/Tourist-place-2.png\" \/>\n\t<meta property=\"og:image:width\" content=\"604\" \/>\n\t<meta property=\"og:image:height\" content=\"410\" \/>\n\t<meta property=\"og:image:type\" content=\"image\/png\" \/>\n<meta name=\"twitter:card\" content=\"summary_large_image\" \/>\n<meta name=\"twitter:label1\" content=\"Tiempo de lectura\" \/>\n\t<meta name=\"twitter:data1\" content=\"3 minutos\" \/>\n<script type=\"application\/ld+json\" class=\"yoast-schema-graph\">{\"@context\":\"https:\\\/\\\/schema.org\",\"@graph\":[{\"@type\":\"WebPage\",\"@id\":\"https:\\\/\\\/www.radiance.al\\\/es\\\/guia\\\/\",\"url\":\"https:\\\/\\\/www.radiance.al\\\/es\\\/guia\\\/\",\"name\":\"Turismo dental en Tirana - Tratamientos y atracciones imprescindibles\",\"isPartOf\":{\"@id\":\"https:\\\/\\\/www.radiance.al\\\/es\\\/#website\"},\"primaryImageOfPage\":{\"@id\":\"https:\\\/\\\/www.radiance.al\\\/es\\\/guia\\\/#primaryimage\"},\"image\":{\"@id\":\"https:\\\/\\\/www.radiance.al\\\/es\\\/guia\\\/#primaryimage\"},\"thumbnailUrl\":\"https:\\\/\\\/www.radiance.al\\\/wp-content\\\/uploads\\\/2025\\\/05\\\/Tourist-place-2.png\",\"datePublished\":\"2025-05-19T10:56:46+00:00\",\"dateModified\":\"2026-04-21T21:09:07+00:00\",\"description\":\"Descubre el turismo dental en Tirana: implantes cigom\u00e1ticos sin injertos y una gu\u00eda de las atracciones m\u00e1s bellas de la capital albanesa.\",\"breadcrumb\":{\"@id\":\"https:\\\/\\\/www.radiance.al\\\/es\\\/guia\\\/#breadcrumb\"},\"inLanguage\":\"es\",\"potentialAction\":[{\"@type\":\"ReadAction\",\"target\":[\"https:\\\/\\\/www.radiance.al\\\/es\\\/guia\\\/\"]}]},{\"@type\":\"ImageObject\",\"inLanguage\":\"es\",\"@id\":\"https:\\\/\\\/www.radiance.al\\\/es\\\/guia\\\/#primaryimage\",\"url\":\"https:\\\/\\\/www.radiance.al\\\/wp-content\\\/uploads\\\/2025\\\/05\\\/Tourist-place-2.png\",\"contentUrl\":\"https:\\\/\\\/www.radiance.al\\\/wp-content\\\/uploads\\\/2025\\\/05\\\/Tourist-place-2.png\",\"width\":604,\"height\":410},{\"@type\":\"BreadcrumbList\",\"@id\":\"https:\\\/\\\/www.radiance.al\\\/es\\\/guia\\\/#breadcrumb\",\"itemListElement\":[{\"@type\":\"ListItem\",\"position\":1,\"name\":\"Home\",\"item\":\"https:\\\/\\\/www.radiance.al\\\/es\\\/inicio\\\/\"},{\"@type\":\"ListItem\",\"position\":2,\"name\":\"Tratamiento endod\u00f3ntico en Albania\"}]},{\"@type\":\"WebSite\",\"@id\":\"https:\\\/\\\/www.radiance.al\\\/es\\\/#website\",\"url\":\"https:\\\/\\\/www.radiance.al\\\/es\\\/\",\"name\":\"RADIANCE.AL\",\"description\":\"RADIANCE DENTAL HOSPITAL\",\"publisher\":{\"@id\":\"https:\\\/\\\/www.radiance.al\\\/es\\\/#organization\"},\"potentialAction\":[{\"@type\":\"SearchAction\",\"target\":{\"@type\":\"EntryPoint\",\"urlTemplate\":\"https:\\\/\\\/www.radiance.al\\\/es\\\/?s={search_term_string}\"},\"query-input\":{\"@type\":\"PropertyValueSpecification\",\"valueRequired\":true,\"valueName\":\"search_term_string\"}}],\"inLanguage\":\"es\"},{\"@type\":\"Organization\",\"@id\":\"https:\\\/\\\/www.radiance.al\\\/es\\\/#organization\",\"name\":\"RADIANCE.AL\",\"alternateName\":\"Radiance Dental Hospital\",\"url\":\"https:\\\/\\\/www.radiance.al\\\/es\\\/\",\"logo\":{\"@type\":\"ImageObject\",\"inLanguage\":\"es\",\"@id\":\"https:\\\/\\\/www.radiance.al\\\/es\\\/#\\\/schema\\\/logo\\\/image\\\/\",\"url\":\"https:\\\/\\\/www.radiance.al\\\/wp-content\\\/uploads\\\/2025\\\/05\\\/faviconn.jpeg\",\"contentUrl\":\"https:\\\/\\\/www.radiance.al\\\/wp-content\\\/uploads\\\/2025\\\/05\\\/faviconn.jpeg\",\"width\":48,\"height\":48,\"caption\":\"RADIANCE.AL\"},\"image\":{\"@id\":\"https:\\\/\\\/www.radiance.al\\\/es\\\/#\\\/schema\\\/logo\\\/image\\\/\"},\"sameAs\":[\"https:\\\/\\\/www.instagram.com\\\/radiance_al\\\/?hl=en\"],\"description\":\"\\\"Radiance Dental Hospital n\u00eb Shqip\u00ebri: spital dentar modern me teknologji 3D, implantologji, estetik\u00eb dhe specialist\u00eb me mbi 15 vite p\u00ebrvoj\u00eb. Prenoto konsult\u00ebn falas!\\\"\",\"email\":\"info@radiance.al\",\"telephone\":\"+355694799949\",\"legalName\":\"Radiance Dental Hospital\",\"foundingDate\":\"2025-03-18\",\"numberOfEmployees\":{\"@type\":\"QuantitativeValue\",\"minValue\":\"11\",\"maxValue\":\"50\"}}]}<\/script>\n<!-- \/ Yoast SEO Premium plugin. -->","yoast_head_json":{"title":"Turismo dental en Tirana - Tratamientos y atracciones imprescindibles","description":"Descubre el turismo dental en Tirana: implantes cigom\u00e1ticos sin injertos y una gu\u00eda de las atracciones m\u00e1s bellas de la capital albanesa.","robots":{"index":"index","follow":"follow","max-snippet":"max-snippet:-1","max-image-preview":"max-image-preview:large","max-video-preview":"max-video-preview:-1"},"canonical":"https:\/\/www.radiance.al\/es\/guia\/","og_locale":"es_ES","og_type":"article","og_title":"Gu\u00eda","og_description":"Descubre el turismo dental en Tirana: implantes cigom\u00e1ticos sin injertos y una gu\u00eda de las atracciones m\u00e1s bellas de la capital albanesa.","og_url":"https:\/\/www.radiance.al\/es\/guia\/","og_site_name":"RADIANCE.AL","article_publisher":"https:\/\/www.instagram.com\/radiance_al\/?hl=en","article_modified_time":"2026-04-21T21:09:07+00:00","og_image":[{"width":604,"height":410,"url":"https:\/\/www.radiance.al\/wp-content\/uploads\/2025\/05\/Tourist-place-2.png","type":"image\/png"}],"twitter_card":"summary_large_image","twitter_misc":{"Tiempo de lectura":"3 minutos"},"schema":{"@context":"https:\/\/schema.org","@graph":[{"@type":"WebPage","@id":"https:\/\/www.radiance.al\/es\/guia\/","url":"https:\/\/www.radiance.al\/es\/guia\/","name":"Turismo dental en Tirana - Tratamientos y atracciones imprescindibles","isPartOf":{"@id":"https:\/\/www.radiance.al\/es\/#website"},"primaryImageOfPage":{"@id":"https:\/\/www.radiance.al\/es\/guia\/#primaryimage"},"image":{"@id":"https:\/\/www.radiance.al\/es\/guia\/#primaryimage"},"thumbnailUrl":"https:\/\/www.radiance.al\/wp-content\/uploads\/2025\/05\/Tourist-place-2.png","datePublished":"2025-05-19T10:56:46+00:00","dateModified":"2026-04-21T21:09:07+00:00","description":"Descubre el turismo dental en Tirana: implantes cigom\u00e1ticos sin injertos y una gu\u00eda de las atracciones m\u00e1s bellas de la capital albanesa.","breadcrumb":{"@id":"https:\/\/www.radiance.al\/es\/guia\/#breadcrumb"},"inLanguage":"es","potentialAction":[{"@type":"ReadAction","target":["https:\/\/www.radiance.al\/es\/guia\/"]}]},{"@type":"ImageObject","inLanguage":"es","@id":"https:\/\/www.radiance.al\/es\/guia\/#primaryimage","url":"https:\/\/www.radiance.al\/wp-content\/uploads\/2025\/05\/Tourist-place-2.png","contentUrl":"https:\/\/www.radiance.al\/wp-content\/uploads\/2025\/05\/Tourist-place-2.png","width":604,"height":410},{"@type":"BreadcrumbList","@id":"https:\/\/www.radiance.al\/es\/guia\/#breadcrumb","itemListElement":[{"@type":"ListItem","position":1,"name":"Home","item":"https:\/\/www.radiance.al\/es\/inicio\/"},{"@type":"ListItem","position":2,"name":"Tratamiento endod\u00f3ntico en Albania"}]},{"@type":"WebSite","@id":"https:\/\/www.radiance.al\/es\/#website","url":"https:\/\/www.radiance.al\/es\/","name":"RADIANCE.AL","description":"RADIANCE DENTAL HOSPITAL","publisher":{"@id":"https:\/\/www.radiance.al\/es\/#organization"},"potentialAction":[{"@type":"SearchAction","target":{"@type":"EntryPoint","urlTemplate":"https:\/\/www.radiance.al\/es\/?s={search_term_string}"},"query-input":{"@type":"PropertyValueSpecification","valueRequired":true,"valueName":"search_term_string"}}],"inLanguage":"es"},{"@type":"Organization","@id":"https:\/\/www.radiance.al\/es\/#organization","name":"RADIANCE.AL","alternateName":"Radiance Dental Hospital","url":"https:\/\/www.radiance.al\/es\/","logo":{"@type":"ImageObject","inLanguage":"es","@id":"https:\/\/www.radiance.al\/es\/#\/schema\/logo\/image\/","url":"https:\/\/www.radiance.al\/wp-content\/uploads\/2025\/05\/faviconn.jpeg","contentUrl":"https:\/\/www.radiance.al\/wp-content\/uploads\/2025\/05\/faviconn.jpeg","width":48,"height":48,"caption":"RADIANCE.AL"},"image":{"@id":"https:\/\/www.radiance.al\/es\/#\/schema\/logo\/image\/"},"sameAs":["https:\/\/www.instagram.com\/radiance_al\/?hl=en"],"description":"\"Radiance Dental Hospital n\u00eb Shqip\u00ebri: spital dentar modern me teknologji 3D, implantologji, estetik\u00eb dhe specialist\u00eb me mbi 15 vite p\u00ebrvoj\u00eb. Prenoto konsult\u00ebn falas!\"","email":"info@radiance.al","telephone":"+355694799949","legalName":"Radiance Dental Hospital","foundingDate":"2025-03-18","numberOfEmployees":{"@type":"QuantitativeValue","minValue":"11","maxValue":"50"}}]}},"_links":{"self":[{"href":"https:\/\/www.radiance.al\/es\/wp-json\/wp\/v2\/pages\/12386","targetHints":{"allow":["GET"]}}],"collection":[{"href":"https:\/\/www.radiance.al\/es\/wp-json\/wp\/v2\/pages"}],"about":[{"href":"https:\/\/www.radiance.al\/es\/wp-json\/wp\/v2\/types\/page"}],"author":[{"embeddable":true,"href":"https:\/\/www.radiance.al\/es\/wp-json\/wp\/v2\/users\/1"}],"replies":[{"embeddable":true,"href":"https:\/\/www.radiance.al\/es\/wp-json\/wp\/v2\/comments?post=12386"}],"version-history":[{"count":4,"href":"https:\/\/www.radiance.al\/es\/wp-json\/wp\/v2\/pages\/12386\/revisions"}],"predecessor-version":[{"id":12414,"href":"https:\/\/www.radiance.al\/es\/wp-json\/wp\/v2\/pages\/12386\/revisions\/12414"}],"wp:featuredmedia":[{"embeddable":true,"href":"https:\/\/www.radiance.al\/es\/wp-json\/wp\/v2\/media\/12000"}],"wp:attachment":[{"href":"https:\/\/www.radiance.al\/es\/wp-json\/wp\/v2\/media?parent=12386"}],"curies":[{"name":"wp","href":"https:\/\/api.w.org\/{rel}","templated":true}]}}